{"id":41,"date":"2022-06-17T17:35:23","date_gmt":"2022-06-17T17:35:23","guid":{"rendered":"https:\/\/sovd-ov-husum.de\/?page_id=41"},"modified":"2026-03-26T15:44:39","modified_gmt":"2026-03-26T14:44:39","slug":"vorstand-vom-sovd-ov-husum","status":"publish","type":"page","link":"https:\/\/sovd-ov-husum.de\/?page_id=41","title":{"rendered":"Vorstand vom SoVD OV Husum"},"content":{"rendered":"\n<figure class=\"wp-block-image size-large\"><img loading=\"lazy\" decoding=\"async\" width=\"1024\" height=\"577\" src=\"https:\/\/sovd-ov-husum.de\/wp-content\/uploads\/2026\/03\/Vorstand-2-1024x577.jpg\" alt=\"\" class=\"wp-image-755\" srcset=\"https:\/\/sovd-ov-husum.de\/wp-content\/uploads\/2026\/03\/Vorstand-2-1024x577.jpg 1024w, https:\/\/sovd-ov-husum.de\/wp-content\/uploads\/2026\/03\/Vorstand-2-300x169.jpg 300w, https:\/\/sovd-ov-husum.de\/wp-content\/uploads\/2026\/03\/Vorstand-2-768x432.jpg 768w, https:\/\/sovd-ov-husum.de\/wp-content\/uploads\/2026\/03\/Vorstand-2-1536x865.jpg 1536w, https:\/\/sovd-ov-husum.de\/wp-content\/uploads\/2026\/03\/Vorstand-2-2048x1153.jpg 2048w\" sizes=\"auto, (max-width: 1024px) 100vw, 1024px\" \/><\/figure>\n\n\n\n<p>\u00a0<\/p>\n<table style=\"width: 102.262%; height: 350px;\">\n<tbody>\n<tr style=\"height: 46px;\">\n<td style=\"width: 23.7647%; height: 46px;\"><strong>Vorsitzender:<\/strong><\/td>\n<td style=\"width: 78.075%; height: 46px;\">\u00a0<\/td>\n<\/tr>\n<tr style=\"height: 46px;\">\n<td style=\"width: 23.7647%; height: 46px;\"><strong>1. Stellv. Vorsitzende:<\/strong><\/td>\n<td style=\"width: 78.075%; height: 46px;\"><strong>Brigitte Behrens<\/strong> <br \/>Jebensweg 18, 25813 Husum, Tel. 04841-9790934 Mail: Info@SoVD-Husum.de<\/td>\n<\/tr>\n<tr style=\"height: 46px;\">\n<td style=\"width: 23.7647%; height: 46px;\"><strong>2. Stellv. Vorsitzender:<\/strong><\/td>\n<td style=\"width: 78.075%; height: 46px;\"><strong>Dieter Geercken<\/strong><br \/>Schob\u00fcller Str. 39, 25813 Husum, Tel. 04841-1438 Mail: Info@SoVD-Husum.de<\/td>\n<\/tr>\n<tr style=\"height: 23px;\">\n<td style=\"width: 23.7647%; height: 23px;\"><strong>Schatzmeister:<\/strong><\/td>\n<td style=\"width: 78.075%; height: 23px;\"><strong>Wolfgang Finger<\/strong><\/td>\n<\/tr>\n<tr style=\"height: 46px;\">\n<td style=\"width: 23.7647%; height: 32px;\"><strong>Stellv. Schatzmeisterin:<\/strong><\/td>\n<td style=\"width: 78.075%; height: 32px;\"><strong>Lidia Feller<\/strong><\/td>\n<\/tr>\n<tr style=\"height: 23px;\">\n<td style=\"width: 23.7647%; height: 10px;\"><strong>Frauensprecherin:<\/strong><\/td>\n<td style=\"width: 78.075%; height: 10px;\"><strong>Anna Mommsen<\/strong><\/td>\n<\/tr>\n<tr style=\"height: 32px;\">\n<td style=\"width: 23.7647%; height: 32px;\"><strong>Stellv. Frauensprecherin<\/strong><\/td>\n<td style=\"width: 78.075%; height: 32px;\"><strong>Brigitte Beinert<\/strong><\/td>\n<\/tr>\n<tr style=\"height: 23px;\">\n<td style=\"width: 23.7647%; height: 23px;\"><strong>Schriftf\u00fchrerin:<\/strong><\/td>\n<td style=\"width: 78.075%; height: 23px;\"><b>Gudrun Geercken<\/b><\/td>\n<\/tr>\n<tr style=\"height: 23px;\">\n<td style=\"width: 23.7647%; height: 23px;\"><strong>Stellv. Schriftf\u00fchrerin:<\/strong><\/td>\n<td style=\"width: 78.075%; height: 23px;\"><strong>Sylvia Weinert<\/strong><\/td>\n<\/tr>\n<tr style=\"height: 23px;\">\n<td style=\"width: 23.7647%; height: 23px;\"><strong>1.Beisitzerin:<\/strong><\/td>\n<td style=\"width: 78.075%; height: 23px;\"><strong>Helga Modemann<\/strong><\/td>\n<\/tr>\n<tr style=\"height: 23px;\">\n<td style=\"width: 23.7647%; height: 23px;\"><strong>2.Beisitzer:<\/strong><\/td>\n<td style=\"width: 78.075%; height: 23px;\"><strong>Kurt Modemann<\/strong><\/td>\n<\/tr>\n<tr style=\"height: 23px;\">\n<td style=\"width: 23.7647%; height: 23px;\"><strong>3.Beisitzerin:<\/strong><\/td>\n<td style=\"width: 78.075%; height: 23px;\"><strong>Irene Siewertsen-Unglaube<\/strong><\/td>\n<\/tr>\n<\/tbody>\n<\/table>\n\n\n\n<p><span style=\"color:#cf2e2e\" class=\"tadv-color\">Bei \u00c4nderungen, die Ihre Adresse betreffen oder falls Sie sich als digitales Mitglied hinterlegen lassen<\/span> <span style=\"color:#cf2e2e\" class=\"tadv-color\">m\u00f6chten, rufen Sie bitte unsere stellv. Vorsitzende, Frau Brigitte Behrens, an oder senden Sie ein Mail.<\/span><\/p>\n\n\n\n<p>Suche nach einem Vorsitzenden<\/p>\n\n\n\n<p>Im Juni stehen in unserem Ortsverband noch einmal die <strong>Wahlen des Vorstands<\/strong> an. In diesem Zuge m\u00f6chten wir Sie schon heute dar\u00fcber informieren, dass <strong>eine neue Vorsitzende oder ein neuer Vorsitzender<\/strong> f\u00fcr unseren Ortsverband gesucht wird.<\/p>\n\n\n\n<p>Wir rufen alle interessierten Mitglieder auf, sich aktiv an der Gestaltung unseres Verbandes zu beteiligen. Wenn Sie Interesse an einer verantwortungsvollen und sinnstiftenden Aufgabe haben oder jemanden kennen, der f\u00fcr dieses Amt geeignet w\u00e4re, freuen wir uns sehr \u00fcber Ihre R\u00fcckmeldung.<\/p>\n\n\n\n<p>Die offizielle Einladung zur Mitgliederversammlung mit den Vorstandswahlen erfolgt rechtzeitig gem\u00e4\u00df unserer Satzung<\/p>\n\n\n\n<p>F\u00fcr Fragen oder erste Gespr\u00e4che stehen wir selbstverst\u00e4ndlich gerne zur Verf\u00fcgung.<\/p>\n\n\n\n<p>Anruf gen\u00fcgt unter 04841-9790934 oder eine Mail an Info@sovd-husum.de oder sprecht uns auf einer der Veranstaltungen an.<br>Herzliche Gr\u00fc\u00dfe,<br>Der Vorstand<\/p>\n","protected":false},"excerpt":{"rendered":"<p>\u00a0 Vorsitzender: \u00a0 1. Stellv. Vorsitzende: Brigitte Behrens Jebensweg 18, 25813 Husum, Tel. 04841-9790934 Mail: Info@SoVD-Husum.de 2. Stellv. Vorsitzender: Dieter GeerckenSchob\u00fcller Str. 39, 25813 Husum, Tel. 04841-1438 Mail: Info@SoVD-Husum.de Schatzmeister: [&hellip;]<\/p>\n","protected":false},"author":1,"featured_media":0,"parent":0,"menu_order":0,"comment_status":"closed","ping_status":"closed","template":"","meta":{"footnotes":""},"class_list":["post-41","page","type-page","status-publish","hentry"],"_links":{"self":[{"href":"https:\/\/sovd-ov-husum.de\/index.php?rest_route=\/wp\/v2\/pages\/41","targetHints":{"allow":["GET"]}}],"collection":[{"href":"https:\/\/sovd-ov-husum.de\/index.php?rest_route=\/wp\/v2\/pages"}],"about":[{"href":"https:\/\/sovd-ov-husum.de\/index.php?rest_route=\/wp\/v2\/types\/page"}],"author":[{"embeddable":true,"href":"https:\/\/sovd-ov-husum.de\/index.php?rest_route=\/wp\/v2\/users\/1"}],"replies":[{"embeddable":true,"href":"https:\/\/sovd-ov-husum.de\/index.php?rest_route=%2Fwp%2Fv2%2Fcomments&post=41"}],"version-history":[{"count":29,"href":"https:\/\/sovd-ov-husum.de\/index.php?rest_route=\/wp\/v2\/pages\/41\/revisions"}],"predecessor-version":[{"id":757,"href":"https:\/\/sovd-ov-husum.de\/index.php?rest_route=\/wp\/v2\/pages\/41\/revisions\/757"}],"wp:attachment":[{"href":"https:\/\/sovd-ov-husum.de\/index.php?rest_route=%2Fwp%2Fv2%2Fmedia&parent=41"}],"curies":[{"name":"wp","href":"https:\/\/api.w.org\/{rel}","templated":true}]}}